{"version":"1.0","provider_name":"R\u0113zeknes novads","provider_url":"https:\/\/rezeknesnovads.lv\/en\/","author_name":"Madara B\u0113rti\u0146a","author_url":"https:\/\/rezeknesnovads.lv\/en\/author\/madara\/","title":"8. maij\u0101 Vi\u013c\u0101nu gadatirg\u016b notiks M\u0101mi\u0146dienai velt\u012bta darbn\u012bca - R\u0113zeknes novads","type":"rich","width":600,"height":338,"html":"<blockquote class=\"wp-embedded-content\" data-secret=\"zUpGlFR6IV\"><a href=\"https:\/\/rezeknesnovads.lv\/en\/8-maija-vilanu-gadatirgu-notiks-mamindienai-veltita-darbnica\/\">8. maij\u0101 Vi\u013c\u0101nu gadatirg\u016b notiks M\u0101mi\u0146dienai velt\u012bta darbn\u012bca<\/a><\/blockquote><iframe sandbox=\"allow-scripts\" security=\"restricted\" src=\"https:\/\/rezeknesnovads.lv\/en\/8-maija-vilanu-gadatirgu-notiks-mamindienai-veltita-darbnica\/embed\/#?secret=zUpGlFR6IV\" width=\"600\" height=\"338\" title=\"&#8220;8. maij\u0101 Vi\u013c\u0101nu gadatirg\u016b notiks M\u0101mi\u0146dienai velt\u012bta darbn\u012bca&#8221; &#8212; R\u0113zeknes novads\" data-secret=\"zUpGlFR6IV\" frameborder=\"0\" marginwidth=\"0\" marginheight=\"0\" scrolling=\"no\" class=\"wp-embedded-content\"><\/iframe><script type=\"text\/javascript\">\n\/* <![CDATA[ *\/\n\/*! This file is auto-generated *\/\n!function(d,l){\"use strict\";l.querySelector&&d.addEventListener&&\"undefined\"!=typeof URL&&(d.wp=d.wp||{},d.wp.receiveEmbedMessage||(d.wp.receiveEmbedMessage=function(e){var t=e.data;if((t||t.secret||t.message||t.value)&&!\/[^a-zA-Z0-9]\/.test(t.secret)){for(var s,r,n,a=l.querySelectorAll('iframe[data-secret=\"'+t.secret+'\"]'),o=l.querySelectorAll('blockquote[data-secret=\"'+t.secret+'\"]'),c=new RegExp(\"^https?:$\",\"i\"),i=0;i<o.length;i++)o[i].style.display=\"none\";for(i=0;i<a.length;i++)s=a[i],e.source===s.contentWindow&&(s.removeAttribute(\"style\"),\"height\"===t.message?(1e3<(r=parseInt(t.value,10))?r=1e3:~~r<200&&(r=200),s.height=r):\"link\"===t.message&&(r=new URL(s.getAttribute(\"src\")),n=new URL(t.value),c.test(n.protocol))&&n.host===r.host&&l.activeElement===s&&(d.top.location.href=t.value))}},d.addEventListener(\"message\",d.wp.receiveEmbedMessage,!1),l.addEventListener(\"DOMContentLoaded\",function(){for(var e,t,s=l.querySelectorAll(\"iframe.wp-embedded-content\"),r=0;r<s.length;r++)(t=(e=s[r]).getAttribute(\"data-secret\"))||(t=Math.random().toString(36).substring(2,12),e.src+=\"#?secret=\"+t,e.setAttribute(\"data-secret\",t)),e.contentWindow.postMessage({message:\"ready\",secret:t},\"*\")},!1)))}(window,document);\n\/\/# sourceURL=https:\/\/rezeknesnovads.lv\/wp-includes\/js\/wp-embed.min.js\n\/* ]]> *\/\n<\/script>\n","thumbnail_url":"https:\/\/rezeknesnovads.lv\/wp-content\/uploads\/2022\/05\/8-maijs-afisa-A4.jpeg","thumbnail_width":1128,"thumbnail_height":1600,"description":"Jau \u0161o sv\u0113tdien, 8. maij\u0101, Vi\u013c\u0101nos notiks ikm\u0113ne\u0161a gadatirgus. L\u012bdz\u012bgi k\u0101 iepriek\u0161\u0113jos pavasaros, ar\u012b \u0161oreiz maija gadatirgus b\u016bs \u012bpa\u0161i bag\u0101ts ar st\u0101diem, s\u0113kl\u0101m un cit\u0101m d\u0101rza darbiem nepiecie\u0161am\u0101m liet\u0101m. T\u0101 k\u0101 \u0161oreiz tirgus \"iekr\u012bt\" M\u0101tes dien\u0101, Vi\u013c\u0101nu br\u012bvpr\u0101t\u012bgie par\u016bp\u0113ju\u0161ies par \u012bpa\u0161u rado\u0161o darbn\u012bcu b\u0113rniem. Taj\u0101 var\u0113s izveidot saldu d\u0101vani\u0146u - krepap\u012bra pu\u0137i ar konfekti - [&hellip;]"}