{"version":"1.0","provider_name":"R\u0113zeknes novads","provider_url":"https:\/\/rezeknesnovads.lv\/en\/","author_name":"Anna","author_url":"https:\/\/rezeknesnovads.lv\/en\/author\/anna\/","title":"Aicina uz apm\u0101c\u012bb\u0101m aud\u017eu\u0123imen\u0113m un adopt\u0113t\u0101jiem - R\u0113zeknes novads","type":"rich","width":600,"height":338,"html":"<blockquote class=\"wp-embedded-content\" data-secret=\"exhhE4dbvb\"><a href=\"https:\/\/rezeknesnovads.lv\/en\/aicina-uz-apmacibam-audzugimenem-un-adoptetajiem\/\">Aicina uz apm\u0101c\u012bb\u0101m aud\u017eu\u0123imen\u0113m un adopt\u0113t\u0101jiem<\/a><\/blockquote><iframe sandbox=\"allow-scripts\" security=\"restricted\" src=\"https:\/\/rezeknesnovads.lv\/en\/aicina-uz-apmacibam-audzugimenem-un-adoptetajiem\/embed\/#?secret=exhhE4dbvb\" width=\"600\" height=\"338\" title=\"&#8220;Aicina uz apm\u0101c\u012bb\u0101m aud\u017eu\u0123imen\u0113m un adopt\u0113t\u0101jiem&#8221; &#8212; R\u0113zeknes novads\" data-secret=\"exhhE4dbvb\" frameborder=\"0\" marginwidth=\"0\" marginheight=\"0\" scrolling=\"no\" class=\"wp-embedded-content\"><\/iframe><script type=\"text\/javascript\">\n\/* <![CDATA[ *\/\n\/*! This file is auto-generated *\/\n!function(d,l){\"use strict\";l.querySelector&&d.addEventListener&&\"undefined\"!=typeof URL&&(d.wp=d.wp||{},d.wp.receiveEmbedMessage||(d.wp.receiveEmbedMessage=function(e){var t=e.data;if((t||t.secret||t.message||t.value)&&!\/[^a-zA-Z0-9]\/.test(t.secret)){for(var s,r,n,a=l.querySelectorAll('iframe[data-secret=\"'+t.secret+'\"]'),o=l.querySelectorAll('blockquote[data-secret=\"'+t.secret+'\"]'),c=new RegExp(\"^https?:$\",\"i\"),i=0;i<o.length;i++)o[i].style.display=\"none\";for(i=0;i<a.length;i++)s=a[i],e.source===s.contentWindow&&(s.removeAttribute(\"style\"),\"height\"===t.message?(1e3<(r=parseInt(t.value,10))?r=1e3:~~r<200&&(r=200),s.height=r):\"link\"===t.message&&(r=new URL(s.getAttribute(\"src\")),n=new URL(t.value),c.test(n.protocol))&&n.host===r.host&&l.activeElement===s&&(d.top.location.href=t.value))}},d.addEventListener(\"message\",d.wp.receiveEmbedMessage,!1),l.addEventListener(\"DOMContentLoaded\",function(){for(var e,t,s=l.querySelectorAll(\"iframe.wp-embedded-content\"),r=0;r<s.length;r++)(t=(e=s[r]).getAttribute(\"data-secret\"))||(t=Math.random().toString(36).substring(2,12),e.src+=\"#?secret=\"+t,e.setAttribute(\"data-secret\",t)),e.contentWindow.postMessage({message:\"ready\",secret:t},\"*\")},!1)))}(window,document);\n\/\/# sourceURL=https:\/\/rezeknesnovads.lv\/wp-includes\/js\/wp-embed.min.js\n\/* ]]> *\/\n<\/script>\n","thumbnail_url":"https:\/\/rezeknesnovads.lv\/wp-content\/uploads\/2021\/02\/apm_afisa_attalin_2021-4-kopija.jpg","thumbnail_width":2393,"thumbnail_height":1589,"description":"\u0122imene ir dabiska b\u0113rna att\u012bst\u012bbas un aug\u0161anas vide, un katram b\u0113rnam ir neat\u0146emamas ties\u012bbas uzaugt \u0123imen\u0113. Ja t\u0101 nav biolo\u0123isk\u0101 \u0123imene, tad \u0123imenisko vidi nodro\u0161ina aizbild\u0146i, aud\u017eu\u0123imenes vai adopt\u0113t\u0101ji. Kop\u0161 2020. gada oktobra savu darb\u012bbu ir uzs\u0101cis \u0122imenes un aud\u017eu\u0123imenes atbalsta biedr\u012bbas \"DOMUS\" strukt\u016brvien\u012bba R\u0113zeknes \u0101rpus\u0123imenes apr\u016bpes atbalsta centrs. 2020. gada s\u0101kum\u0101 biedr\u012bba nosl\u0113dza ar [&hellip;]"}