{"version":"1.0","provider_name":"R\u0113zeknes novads","provider_url":"https:\/\/rezeknesnovads.lv\/en\/","author_name":"rsusr","author_url":"https:\/\/rezeknesnovads.lv\/en\/author\/rsusr\/","title":"Aicin\u0101m \u0113not R\u0113zeknes novada pa\u0161vald\u012bbas speci\u0101listus - R\u0113zeknes novads","type":"rich","width":600,"height":338,"html":"<blockquote class=\"wp-embedded-content\" data-secret=\"vLJGvuiVAT\"><a href=\"https:\/\/rezeknesnovads.lv\/en\/aicinam-enot-rezeknes-novada-pasvaldibas-specialistus\/\">Aicin\u0101m \u0113not R\u0113zeknes novada pa\u0161vald\u012bbas speci\u0101listus<\/a><\/blockquote><iframe sandbox=\"allow-scripts\" security=\"restricted\" src=\"https:\/\/rezeknesnovads.lv\/en\/aicinam-enot-rezeknes-novada-pasvaldibas-specialistus\/embed\/#?secret=vLJGvuiVAT\" width=\"600\" height=\"338\" title=\"&#8220;Aicin\u0101m \u0113not R\u0113zeknes novada pa\u0161vald\u012bbas speci\u0101listus&#8221; &#8212; R\u0113zeknes novads\" data-secret=\"vLJGvuiVAT\" frameborder=\"0\" marginwidth=\"0\" marginheight=\"0\" scrolling=\"no\" class=\"wp-embedded-content\"><\/iframe><script type=\"text\/javascript\">\n\/* <![CDATA[ *\/\n\/*! This file is auto-generated *\/\n!function(d,l){\"use strict\";l.querySelector&&d.addEventListener&&\"undefined\"!=typeof URL&&(d.wp=d.wp||{},d.wp.receiveEmbedMessage||(d.wp.receiveEmbedMessage=function(e){var t=e.data;if((t||t.secret||t.message||t.value)&&!\/[^a-zA-Z0-9]\/.test(t.secret)){for(var s,r,n,a=l.querySelectorAll('iframe[data-secret=\"'+t.secret+'\"]'),o=l.querySelectorAll('blockquote[data-secret=\"'+t.secret+'\"]'),c=new RegExp(\"^https?:$\",\"i\"),i=0;i<o.length;i++)o[i].style.display=\"none\";for(i=0;i<a.length;i++)s=a[i],e.source===s.contentWindow&&(s.removeAttribute(\"style\"),\"height\"===t.message?(1e3<(r=parseInt(t.value,10))?r=1e3:~~r<200&&(r=200),s.height=r):\"link\"===t.message&&(r=new URL(s.getAttribute(\"src\")),n=new URL(t.value),c.test(n.protocol))&&n.host===r.host&&l.activeElement===s&&(d.top.location.href=t.value))}},d.addEventListener(\"message\",d.wp.receiveEmbedMessage,!1),l.addEventListener(\"DOMContentLoaded\",function(){for(var e,t,s=l.querySelectorAll(\"iframe.wp-embedded-content\"),r=0;r<s.length;r++)(t=(e=s[r]).getAttribute(\"data-secret\"))||(t=Math.random().toString(36).substring(2,12),e.src+=\"#?secret=\"+t,e.setAttribute(\"data-secret\",t)),e.contentWindow.postMessage({message:\"ready\",secret:t},\"*\")},!1)))}(window,document);\n\/\/# sourceURL=https:\/\/rezeknesnovads.lv\/wp-includes\/js\/wp-embed.min.js\n\/* ]]> *\/\n<\/script>\n","thumbnail_url":"https:\/\/rezeknesnovads.lv\/wp-content\/uploads\/2020\/09\/enu_diena-1.jpg","thumbnail_width":1026,"thumbnail_height":749,"description":"R\u0113zeknes novada jaunie\u0161i aicin\u0101ti piedalies \u0112nu dienas noris\u0113 un \u0113not k\u0101du no R\u0113zeknes novada pa\u0161vald\u012bbas speci\u0101listiem - jaunatnes lietu speci\u0101listu, izgl\u012bt\u012bbas p\u0101rvaldes vad\u012bt\u0101ju, soci\u0101lo darbinieku, b\u0113rnu un jaunie\u0161u sporta skolas direktoru, b\u016bvdarbu vad\u012bt\u0101ju, \u0101r\u0113jo sakaru koordinatori, sabiedrisko attiec\u012bbu speci\u0101listi, bibliot\u0113ku inform\u0101cijas speci\u0101listi, projektu vad\u012bt\u0101ju, pagastu p\u0101rval\u017eu vad\u012bt\u0101jus un R\u0113zeknes novada domes priek\u0161s\u0113d\u0113t\u0101ju."}