{"version":"1.0","provider_name":"R\u0113zeknes novads","provider_url":"https:\/\/rezeknesnovads.lv\/en\/","author_name":"Elza Indri\u010d\u0101ne","author_url":"https:\/\/rezeknesnovads.lv\/en\/author\/elza\/","title":"Aicin\u0101m uz ikgad\u0113jo \u201cLauku diena\u201d Vi\u013c\u0101nos - R\u0113zeknes novads","type":"rich","width":600,"height":338,"html":"<blockquote class=\"wp-embedded-content\" data-secret=\"P6ta52pD6w\"><a href=\"https:\/\/rezeknesnovads.lv\/en\/aicinam-uz-ikgadejo-lauku-diena-vilanos\/\">Aicin\u0101m uz ikgad\u0113jo \u201cLauku diena\u201d Vi\u013c\u0101nos<\/a><\/blockquote><iframe sandbox=\"allow-scripts\" security=\"restricted\" src=\"https:\/\/rezeknesnovads.lv\/en\/aicinam-uz-ikgadejo-lauku-diena-vilanos\/embed\/#?secret=P6ta52pD6w\" width=\"600\" height=\"338\" title=\"&#8220;Aicin\u0101m uz ikgad\u0113jo \u201cLauku diena\u201d Vi\u013c\u0101nos&#8221; &#8212; R\u0113zeknes novads\" data-secret=\"P6ta52pD6w\" frameborder=\"0\" marginwidth=\"0\" marginheight=\"0\" scrolling=\"no\" class=\"wp-embedded-content\"><\/iframe><script type=\"text\/javascript\">\n\/* <![CDATA[ *\/\n\/*! This file is auto-generated *\/\n!function(d,l){\"use strict\";l.querySelector&&d.addEventListener&&\"undefined\"!=typeof URL&&(d.wp=d.wp||{},d.wp.receiveEmbedMessage||(d.wp.receiveEmbedMessage=function(e){var t=e.data;if((t||t.secret||t.message||t.value)&&!\/[^a-zA-Z0-9]\/.test(t.secret)){for(var s,r,n,a=l.querySelectorAll('iframe[data-secret=\"'+t.secret+'\"]'),o=l.querySelectorAll('blockquote[data-secret=\"'+t.secret+'\"]'),c=new RegExp(\"^https?:$\",\"i\"),i=0;i<o.length;i++)o[i].style.display=\"none\";for(i=0;i<a.length;i++)s=a[i],e.source===s.contentWindow&&(s.removeAttribute(\"style\"),\"height\"===t.message?(1e3<(r=parseInt(t.value,10))?r=1e3:~~r<200&&(r=200),s.height=r):\"link\"===t.message&&(r=new URL(s.getAttribute(\"src\")),n=new URL(t.value),c.test(n.protocol))&&n.host===r.host&&l.activeElement===s&&(d.top.location.href=t.value))}},d.addEventListener(\"message\",d.wp.receiveEmbedMessage,!1),l.addEventListener(\"DOMContentLoaded\",function(){for(var e,t,s=l.querySelectorAll(\"iframe.wp-embedded-content\"),r=0;r<s.length;r++)(t=(e=s[r]).getAttribute(\"data-secret\"))||(t=Math.random().toString(36).substring(2,12),e.src+=\"#?secret=\"+t,e.setAttribute(\"data-secret\",t)),e.contentWindow.postMessage({message:\"ready\",secret:t},\"*\")},!1)))}(window,document);\n\/\/# sourceURL=https:\/\/rezeknesnovads.lv\/wp-includes\/js\/wp-embed.min.js\n\/* ]]> *\/\n<\/script>\n","thumbnail_url":"https:\/\/rezeknesnovads.lv\/wp-content\/uploads\/2024\/07\/Lauku-diena-2024.jpg","thumbnail_width":1754,"thumbnail_height":1241,"description":"11. j\u016blij\u0101 Agroresursu un ekonomikas instit\u016bts un Latgales lauksaimniec\u012bbas zin\u0101tnes centrs (LLZC) sadarb\u012bb\u0101 ar R\u0113zeknes novada pa\u0161vald\u012bbu organiz\u0113 ikgad\u0113jo \u201cLauku dienu\u201d, uz kuru aicina visus lauku uz\u0146\u0113m\u0113jus un zemniekus, kuri v\u0113las sa\u0146emt aktu\u0101l\u0101ko inform\u0101ciju savu saimniec\u012bbu att\u012bst\u012bbai. Pas\u0101kum\u0101 var\u0113s ieg\u0101d\u0101ties sadz\u012bvei un ikdienai noder\u012bgas lietas amatnieku tirdzi\u0146\u0101, un par muzik\u0101lo noska\u0146u r\u016bp\u0113sies Maltas kult\u016bras nama [&hellip;]"}