{"version":"1.0","provider_name":"R\u0113zeknes novads","provider_url":"https:\/\/rezeknesnovads.lv\/en\/","author_name":"Katr\u012bna Grieti\u0146a","author_url":"https:\/\/rezeknesnovads.lv\/en\/author\/katrina-grietina\/","title":"Aizsardz\u012bbas ministrs dodas re\u0123ion\u0101laj\u0101 viz\u012bt\u0113 uz Latgali - R\u0113zeknes novads","type":"rich","width":600,"height":338,"html":"<blockquote class=\"wp-embedded-content\" data-secret=\"f0xEDF4BSr\"><a href=\"https:\/\/rezeknesnovads.lv\/en\/aizsardzibas-ministrs-dodas-regionalaja-vizite-uz-latgali\/\">Aizsardz\u012bbas ministrs dodas re\u0123ion\u0101laj\u0101 viz\u012bt\u0113 uz Latgali<\/a><\/blockquote><iframe sandbox=\"allow-scripts\" security=\"restricted\" src=\"https:\/\/rezeknesnovads.lv\/en\/aizsardzibas-ministrs-dodas-regionalaja-vizite-uz-latgali\/embed\/#?secret=f0xEDF4BSr\" width=\"600\" height=\"338\" title=\"&#8220;Aizsardz\u012bbas ministrs dodas re\u0123ion\u0101laj\u0101 viz\u012bt\u0113 uz Latgali&#8221; &#8212; R\u0113zeknes novads\" data-secret=\"f0xEDF4BSr\" frameborder=\"0\" marginwidth=\"0\" marginheight=\"0\" scrolling=\"no\" class=\"wp-embedded-content\"><\/iframe><script type=\"text\/javascript\">\n\/* <![CDATA[ *\/\n\/*! This file is auto-generated *\/\n!function(d,l){\"use strict\";l.querySelector&&d.addEventListener&&\"undefined\"!=typeof URL&&(d.wp=d.wp||{},d.wp.receiveEmbedMessage||(d.wp.receiveEmbedMessage=function(e){var t=e.data;if((t||t.secret||t.message||t.value)&&!\/[^a-zA-Z0-9]\/.test(t.secret)){for(var s,r,n,a=l.querySelectorAll('iframe[data-secret=\"'+t.secret+'\"]'),o=l.querySelectorAll('blockquote[data-secret=\"'+t.secret+'\"]'),c=new RegExp(\"^https?:$\",\"i\"),i=0;i<o.length;i++)o[i].style.display=\"none\";for(i=0;i<a.length;i++)s=a[i],e.source===s.contentWindow&&(s.removeAttribute(\"style\"),\"height\"===t.message?(1e3<(r=parseInt(t.value,10))?r=1e3:~~r<200&&(r=200),s.height=r):\"link\"===t.message&&(r=new URL(s.getAttribute(\"src\")),n=new URL(t.value),c.test(n.protocol))&&n.host===r.host&&l.activeElement===s&&(d.top.location.href=t.value))}},d.addEventListener(\"message\",d.wp.receiveEmbedMessage,!1),l.addEventListener(\"DOMContentLoaded\",function(){for(var e,t,s=l.querySelectorAll(\"iframe.wp-embedded-content\"),r=0;r<s.length;r++)(t=(e=s[r]).getAttribute(\"data-secret\"))||(t=Math.random().toString(36).substring(2,12),e.src+=\"#?secret=\"+t,e.setAttribute(\"data-secret\",t)),e.contentWindow.postMessage({message:\"ready\",secret:t},\"*\")},!1)))}(window,document);\n\/\/# sourceURL=https:\/\/rezeknesnovads.lv\/wp-includes\/js\/wp-embed.min.js\n\/* ]]> *\/\n<\/script>\n","thumbnail_url":"https:\/\/rezeknesnovads.lv\/wp-content\/uploads\/2025\/08\/54649372690_8a7b0f8ef1_k.jpg","thumbnail_width":2048,"thumbnail_height":1366,"description":"14. un 15. august\u0101 aizsardz\u012bbas ministrs Andris Spr\u016bds dosies re\u0123ion\u0101laj\u0101 viz\u012bt\u0113 uz Latgali, kur inform\u0113s pa\u0161vald\u012bbu vad\u012bt\u0101jus un iedz\u012bvot\u0101jus par Pretmobilit\u0101tes infrastrukt\u016bras izveides likumprojektu un t\u0101 nosac\u012bjumiem. Ar \u0161o viz\u012bti ministrs uzs\u0101k re\u0123ion\u0101l\u0101s tik\u0161an\u0101s ar pierobe\u017eas pa\u0161vald\u012bbu iedz\u012bvot\u0101jiem, uz kuriem attieksies Pretmobilit\u0101tes infrastrukt\u016bras izveides likuma nosac\u012bjumi. Jau tuv\u0101kaj\u0101 laik\u0101 ministrs apmekl\u0113s ar\u012b Al\u016bksnes, Balvu un [&hellip;]"}