{"version":"1.0","provider_name":"R\u0113zeknes novads","provider_url":"https:\/\/rezeknesnovads.lv\/en\/","author_name":"rsusr","author_url":"https:\/\/rezeknesnovads.lv\/en\/author\/rsusr\/","title":"Feima\u0146u jaunie\u0161i &quot;iekaro Briseli&quot; un apmekl\u0113 Eiropas parlamentu - R\u0113zeknes novads","type":"rich","width":600,"height":338,"html":"<blockquote class=\"wp-embedded-content\" data-secret=\"SQaoHGxjXv\"><a href=\"https:\/\/rezeknesnovads.lv\/en\/feimanu-jauniesi-iekaro-briseli-un-apmekle-eiropas-parlamentu\/\">Feima\u0146u jaunie\u0161i &quot;iekaro Briseli&quot; un apmekl\u0113 Eiropas parlamentu<\/a><\/blockquote><iframe sandbox=\"allow-scripts\" security=\"restricted\" src=\"https:\/\/rezeknesnovads.lv\/en\/feimanu-jauniesi-iekaro-briseli-un-apmekle-eiropas-parlamentu\/embed\/#?secret=SQaoHGxjXv\" width=\"600\" height=\"338\" title=\"&#8220;Feima\u0146u jaunie\u0161i &quot;iekaro Briseli&quot; un apmekl\u0113 Eiropas parlamentu&#8221; &#8212; R\u0113zeknes novads\" data-secret=\"SQaoHGxjXv\" frameborder=\"0\" marginwidth=\"0\" marginheight=\"0\" scrolling=\"no\" class=\"wp-embedded-content\"><\/iframe><script type=\"text\/javascript\">\n\/* <![CDATA[ *\/\n\/*! This file is auto-generated *\/\n!function(d,l){\"use strict\";l.querySelector&&d.addEventListener&&\"undefined\"!=typeof URL&&(d.wp=d.wp||{},d.wp.receiveEmbedMessage||(d.wp.receiveEmbedMessage=function(e){var t=e.data;if((t||t.secret||t.message||t.value)&&!\/[^a-zA-Z0-9]\/.test(t.secret)){for(var s,r,n,a=l.querySelectorAll('iframe[data-secret=\"'+t.secret+'\"]'),o=l.querySelectorAll('blockquote[data-secret=\"'+t.secret+'\"]'),c=new RegExp(\"^https?:$\",\"i\"),i=0;i<o.length;i++)o[i].style.display=\"none\";for(i=0;i<a.length;i++)s=a[i],e.source===s.contentWindow&&(s.removeAttribute(\"style\"),\"height\"===t.message?(1e3<(r=parseInt(t.value,10))?r=1e3:~~r<200&&(r=200),s.height=r):\"link\"===t.message&&(r=new URL(s.getAttribute(\"src\")),n=new URL(t.value),c.test(n.protocol))&&n.host===r.host&&l.activeElement===s&&(d.top.location.href=t.value))}},d.addEventListener(\"message\",d.wp.receiveEmbedMessage,!1),l.addEventListener(\"DOMContentLoaded\",function(){for(var e,t,s=l.querySelectorAll(\"iframe.wp-embedded-content\"),r=0;r<s.length;r++)(t=(e=s[r]).getAttribute(\"data-secret\"))||(t=Math.random().toString(36).substring(2,12),e.src+=\"#?secret=\"+t,e.setAttribute(\"data-secret\",t)),e.contentWindow.postMessage({message:\"ready\",secret:t},\"*\")},!1)))}(window,document);\n\/\/# sourceURL=https:\/\/rezeknesnovads.lv\/wp-includes\/js\/wp-embed.min.js\n\/* ]]> *\/\n<\/script>\n","thumbnail_url":"https:\/\/rezeknesnovads.lv\/wp-content\/uploads\/2020\/09\/^F28A57FE79BA725E37185ECC01D379DA23BDE210E4F2736B03^pimgpsh_fullsize_distr.jpg","thumbnail_width":1280,"thumbnail_height":960,"description":"Visa 2015. gada garum\u0101 Feima\u0146u pagasta jaunie\u0161i akt\u012bvi piedal\u012bj\u0101s R\u0113zeknes novada un R\u0113zeknes novada pagastu organiz\u0113tajos pas\u0101kumos. Pateicoties \u0161ai aktivit\u0101tei, tika izc\u012bn\u012bta 1. vieta R\u0113zeknes novada pa\u0161vald\u012bbas Izgl\u012bt\u012bbas p\u0101rvaldes projektu konkurs\u0101 \u201eAkt\u012bv\u0101kais R\u0113zeknes novada jaunie\u0161u pagasts 2015\u201d. K\u0101 balvu Feima\u0146u pagasta jaunie\u0161i sa\u0146\u0113ma iesp\u0113ju apmekl\u0113t Briseli. No 25. l\u012bdz 28. j\u016bnijam desmit jaunie feima\u0146ie\u0161i \"iekaroja\" Eiropas Savien\u012bbas galvaspils\u0113tu."}