{"version":"1.0","provider_name":"R\u0113zeknes novads","provider_url":"https:\/\/rezeknesnovads.lv\/en\/","author_name":"Agnese Fadejeva","author_url":"https:\/\/rezeknesnovads.lv\/en\/author\/agnesef\/","title":"Dzejas dienas pas\u0101kums \"Dzeja glezno\" - R\u0113zeknes novads","type":"rich","width":600,"height":338,"html":"<blockquote class=\"wp-embedded-content\" data-secret=\"yGYCDtq6G5\"><a href=\"https:\/\/rezeknesnovads.lv\/en\/iedzivotajiem\/kalendars\/dzejas-dienas-pasakums-dzeja-glezno\/\">Dzejas dienas pas\u0101kums &#8220;Dzeja glezno&#8221;<\/a><\/blockquote><iframe sandbox=\"allow-scripts\" security=\"restricted\" src=\"https:\/\/rezeknesnovads.lv\/en\/iedzivotajiem\/kalendars\/dzejas-dienas-pasakums-dzeja-glezno\/embed\/#?secret=yGYCDtq6G5\" width=\"600\" height=\"338\" title=\"&#8220;Dzejas dienas pas\u0101kums &#8220;Dzeja glezno&#8221;&#8221; &#8212; R\u0113zeknes novads\" data-secret=\"yGYCDtq6G5\" frameborder=\"0\" marginwidth=\"0\" marginheight=\"0\" scrolling=\"no\" class=\"wp-embedded-content\"><\/iframe><script type=\"text\/javascript\">\n\/* <![CDATA[ *\/\n\/*! This file is auto-generated *\/\n!function(d,l){\"use strict\";l.querySelector&&d.addEventListener&&\"undefined\"!=typeof URL&&(d.wp=d.wp||{},d.wp.receiveEmbedMessage||(d.wp.receiveEmbedMessage=function(e){var t=e.data;if((t||t.secret||t.message||t.value)&&!\/[^a-zA-Z0-9]\/.test(t.secret)){for(var s,r,n,a=l.querySelectorAll('iframe[data-secret=\"'+t.secret+'\"]'),o=l.querySelectorAll('blockquote[data-secret=\"'+t.secret+'\"]'),c=new RegExp(\"^https?:$\",\"i\"),i=0;i<o.length;i++)o[i].style.display=\"none\";for(i=0;i<a.length;i++)s=a[i],e.source===s.contentWindow&&(s.removeAttribute(\"style\"),\"height\"===t.message?(1e3<(r=parseInt(t.value,10))?r=1e3:~~r<200&&(r=200),s.height=r):\"link\"===t.message&&(r=new URL(s.getAttribute(\"src\")),n=new URL(t.value),c.test(n.protocol))&&n.host===r.host&&l.activeElement===s&&(d.top.location.href=t.value))}},d.addEventListener(\"message\",d.wp.receiveEmbedMessage,!1),l.addEventListener(\"DOMContentLoaded\",function(){for(var e,t,s=l.querySelectorAll(\"iframe.wp-embedded-content\"),r=0;r<s.length;r++)(t=(e=s[r]).getAttribute(\"data-secret\"))||(t=Math.random().toString(36).substring(2,12),e.src+=\"#?secret=\"+t,e.setAttribute(\"data-secret\",t)),e.contentWindow.postMessage({message:\"ready\",secret:t},\"*\")},!1)))}(window,document);\n\/\/# sourceURL=https:\/\/rezeknesnovads.lv\/wp-includes\/js\/wp-embed.min.js\n\/* ]]> *\/\n<\/script>\n","thumbnail_url":"https:\/\/rezeknesnovads.lv\/wp-content\/uploads\/2025\/08\/12.09.Berzgale.DzejaGlezno-724x1024.png","thumbnail_width":724,"thumbnail_height":1024,"description":"Aicin\u0101m uz sirsn\u012bgu un rado\u0161u tik\u0161anos pas\u0101kum\u0101 \"Dzeja glezno\", kur dzeja satiksies ar m\u0101kslu! Pas\u0101kuma gait\u0101 ar savu kl\u0101tb\u016btni un rado\u0161umu priec\u0113s dzejniece Inta Nagla, kura las\u012bs savus dzejo\u013cus un aicin\u0101s apmekl\u0113t\u0101jus iesaist\u012bties liter\u0101raj\u0101s aktivit\u0101t\u0113s \u2013 sp\u0113l\u0113ties ar v\u0101rdiem, mekl\u0113t atska\u0146as un \u013caut va\u013cu izt\u0113lei dzejas sp\u0113l\u0113s. Inta past\u0101st\u012bs ar\u012b par savu unik\u0101lo aizrau\u0161anos \u2013 [&hellip;]"}