{"version":"1.0","provider_name":"R\u0113zeknes novads","provider_url":"https:\/\/rezeknesnovads.lv\/en\/","author_name":"Daiga Mi\u0161\u010denko","author_url":"https:\/\/rezeknesnovads.lv\/en\/author\/daiga\/","title":"Koncerts \"Atmi\u0146u ugunskurs\" - R\u0113zeknes novads","type":"rich","width":600,"height":338,"html":"<blockquote class=\"wp-embedded-content\" data-secret=\"upsCZJtCoD\"><a href=\"https:\/\/rezeknesnovads.lv\/en\/iedzivotajiem\/kalendars\/koncerts-atminu-ugunskurs\/\">Koncerts &#8220;Atmi\u0146u ugunskurs&#8221;<\/a><\/blockquote><iframe sandbox=\"allow-scripts\" security=\"restricted\" src=\"https:\/\/rezeknesnovads.lv\/en\/iedzivotajiem\/kalendars\/koncerts-atminu-ugunskurs\/embed\/#?secret=upsCZJtCoD\" width=\"600\" height=\"338\" title=\"&#8220;Koncerts &#8220;Atmi\u0146u ugunskurs&#8221;&#8221; &#8212; R\u0113zeknes novads\" data-secret=\"upsCZJtCoD\" frameborder=\"0\" marginwidth=\"0\" marginheight=\"0\" scrolling=\"no\" class=\"wp-embedded-content\"><\/iframe><script type=\"text\/javascript\">\n\/* <![CDATA[ *\/\n\/*! This file is auto-generated *\/\n!function(d,l){\"use strict\";l.querySelector&&d.addEventListener&&\"undefined\"!=typeof URL&&(d.wp=d.wp||{},d.wp.receiveEmbedMessage||(d.wp.receiveEmbedMessage=function(e){var t=e.data;if((t||t.secret||t.message||t.value)&&!\/[^a-zA-Z0-9]\/.test(t.secret)){for(var s,r,n,a=l.querySelectorAll('iframe[data-secret=\"'+t.secret+'\"]'),o=l.querySelectorAll('blockquote[data-secret=\"'+t.secret+'\"]'),c=new RegExp(\"^https?:$\",\"i\"),i=0;i<o.length;i++)o[i].style.display=\"none\";for(i=0;i<a.length;i++)s=a[i],e.source===s.contentWindow&&(s.removeAttribute(\"style\"),\"height\"===t.message?(1e3<(r=parseInt(t.value,10))?r=1e3:~~r<200&&(r=200),s.height=r):\"link\"===t.message&&(r=new URL(s.getAttribute(\"src\")),n=new URL(t.value),c.test(n.protocol))&&n.host===r.host&&l.activeElement===s&&(d.top.location.href=t.value))}},d.addEventListener(\"message\",d.wp.receiveEmbedMessage,!1),l.addEventListener(\"DOMContentLoaded\",function(){for(var e,t,s=l.querySelectorAll(\"iframe.wp-embedded-content\"),r=0;r<s.length;r++)(t=(e=s[r]).getAttribute(\"data-secret\"))||(t=Math.random().toString(36).substring(2,12),e.src+=\"#?secret=\"+t,e.setAttribute(\"data-secret\",t)),e.contentWindow.postMessage({message:\"ready\",secret:t},\"*\")},!1)))}(window,document);\n\/\/# sourceURL=https:\/\/rezeknesnovads.lv\/wp-includes\/js\/wp-embed.min.js\n\/* ]]> *\/\n<\/script>\n","thumbnail_url":"https:\/\/rezeknesnovads.lv\/wp-content\/uploads\/2024\/04\/20.04._Lendzi_Atminu-ugunskurs-724x1024.png","thumbnail_width":724,"thumbnail_height":1024,"description":"Aicin\u0101m piedal\u012bties koncert\u0101 \"Atmi\u0146u ugunskurs\", kas notiks Lend\u017eu pagasta kult\u016bras nam\u0101. Nepiespiest\u0101 gaisotn\u0113 pie ugunskura dzied\u0101sim visiem paz\u012bstamas un m\u012b\u013cas dziesmas ar Annu Vi\u0161\u0137eri, Vincentu K\u016bkoju, Amandu Lapu, L\u012bvu Zvaigzn\u012bti, Ilm\u0101ru Dre\u013ci un J\u0101ni Matvejenko. Apmekl\u0113t\u0101jiem b\u016bs iesp\u0113ja dzied\u0101t l\u012bdzi un dal\u012bties ar interesantiem un komiskiem st\u0101stiem no b\u0113rn\u012bbas. N\u0101c, un uzbur, kop\u0101 ar mums [&hellip;]"}