{"version":"1.0","provider_name":"R\u0113zeknes novads","provider_url":"https:\/\/rezeknesnovads.lv\/en\/","author_name":"Sintija Tihomirova","author_url":"https:\/\/rezeknesnovads.lv\/en\/author\/sintija\/","title":"L\u0101\u010dpl\u0113\u0161a dienas l\u0101pu g\u0101jiens - R\u0113zeknes novads","type":"rich","width":600,"height":338,"html":"<blockquote class=\"wp-embedded-content\" data-secret=\"NhEu8uz5eo\"><a href=\"https:\/\/rezeknesnovads.lv\/en\/iedzivotajiem\/kalendars\/lacplesa-dienas-lapu-gajiens-3\/\">L\u0101\u010dpl\u0113\u0161a dienas l\u0101pu g\u0101jiens<\/a><\/blockquote><iframe sandbox=\"allow-scripts\" security=\"restricted\" src=\"https:\/\/rezeknesnovads.lv\/en\/iedzivotajiem\/kalendars\/lacplesa-dienas-lapu-gajiens-3\/embed\/#?secret=NhEu8uz5eo\" width=\"600\" height=\"338\" title=\"&#8220;L\u0101\u010dpl\u0113\u0161a dienas l\u0101pu g\u0101jiens&#8221; &#8212; R\u0113zeknes novads\" data-secret=\"NhEu8uz5eo\" frameborder=\"0\" marginwidth=\"0\" marginheight=\"0\" scrolling=\"no\" class=\"wp-embedded-content\"><\/iframe><script type=\"text\/javascript\">\n\/* <![CDATA[ *\/\n\/*! This file is auto-generated *\/\n!function(d,l){\"use strict\";l.querySelector&&d.addEventListener&&\"undefined\"!=typeof URL&&(d.wp=d.wp||{},d.wp.receiveEmbedMessage||(d.wp.receiveEmbedMessage=function(e){var t=e.data;if((t||t.secret||t.message||t.value)&&!\/[^a-zA-Z0-9]\/.test(t.secret)){for(var s,r,n,a=l.querySelectorAll('iframe[data-secret=\"'+t.secret+'\"]'),o=l.querySelectorAll('blockquote[data-secret=\"'+t.secret+'\"]'),c=new RegExp(\"^https?:$\",\"i\"),i=0;i<o.length;i++)o[i].style.display=\"none\";for(i=0;i<a.length;i++)s=a[i],e.source===s.contentWindow&&(s.removeAttribute(\"style\"),\"height\"===t.message?(1e3<(r=parseInt(t.value,10))?r=1e3:~~r<200&&(r=200),s.height=r):\"link\"===t.message&&(r=new URL(s.getAttribute(\"src\")),n=new URL(t.value),c.test(n.protocol))&&n.host===r.host&&l.activeElement===s&&(d.top.location.href=t.value))}},d.addEventListener(\"message\",d.wp.receiveEmbedMessage,!1),l.addEventListener(\"DOMContentLoaded\",function(){for(var e,t,s=l.querySelectorAll(\"iframe.wp-embedded-content\"),r=0;r<s.length;r++)(t=(e=s[r]).getAttribute(\"data-secret\"))||(t=Math.random().toString(36).substring(2,12),e.src+=\"#?secret=\"+t,e.setAttribute(\"data-secret\",t)),e.contentWindow.postMessage({message:\"ready\",secret:t},\"*\")},!1)))}(window,document);\n\/\/# sourceURL=https:\/\/rezeknesnovads.lv\/wp-includes\/js\/wp-embed.min.js\n\/* ]]> *\/\n<\/script>\n","thumbnail_url":"https:\/\/rezeknesnovads.lv\/wp-content\/uploads\/2024\/10\/11.11.-Malta_Lapu_gajiens-01-scaled.jpg","thumbnail_width":1810,"thumbnail_height":2560,"description":"\u0160ogad aprit 35 gadi, kad tika uzvilkts sarkanbaltsarkanais karogs virs Maltas Kult\u016bras nama. Atmodas laik\u0101 Maltas Tautas frontes atbalsta grupa ar ciema padomes priek\u0161s\u0113d\u0113t\u0101ja Viktora Kanc\u0101na atbalstu pie\u0146\u0113ma l\u0113mumu 1989. gada 11. novembr\u012b, L\u0101\u010dpl\u0113\u0161a dien\u0101, iesv\u0113t\u012bt Latvijas valsts karogu un uzvilkt to virs kult\u016bras nama. \u201cKarogotais g\u0101jiens pa iel\u0101m no Rozentovas Sv. Krusta pagodin\u0101\u0161anas Romas [&hellip;]"}