{"version":"1.0","provider_name":"R\u0113zeknes novads","provider_url":"https:\/\/rezeknesnovads.lv\/en\/","author_name":"Daiga Mi\u0161\u010denko","author_url":"https:\/\/rezeknesnovads.lv\/en\/author\/daiga\/","title":"Liel\u0101 talka Dubu\u013cos \"T\u012bri-za\u013ci-ilgi\" - R\u0113zeknes novads","type":"rich","width":600,"height":338,"html":"<blockquote class=\"wp-embedded-content\" data-secret=\"5lgR2Tz0Xg\"><a href=\"https:\/\/rezeknesnovads.lv\/en\/iedzivotajiem\/kalendars\/liela-talka-dubulos-tiri-zali-ilgi\/\">Liel\u0101 talka Dubu\u013cos &#8220;T\u012bri-za\u013ci-ilgi&#8221;<\/a><\/blockquote><iframe sandbox=\"allow-scripts\" security=\"restricted\" src=\"https:\/\/rezeknesnovads.lv\/en\/iedzivotajiem\/kalendars\/liela-talka-dubulos-tiri-zali-ilgi\/embed\/#?secret=5lgR2Tz0Xg\" width=\"600\" height=\"338\" title=\"&#8220;Liel\u0101 talka Dubu\u013cos &#8220;T\u012bri-za\u013ci-ilgi&#8221;&#8221; &#8212; R\u0113zeknes novads\" data-secret=\"5lgR2Tz0Xg\" frameborder=\"0\" marginwidth=\"0\" marginheight=\"0\" scrolling=\"no\" class=\"wp-embedded-content\"><\/iframe><script type=\"text\/javascript\">\n\/* <![CDATA[ *\/\n\/*! This file is auto-generated *\/\n!function(d,l){\"use strict\";l.querySelector&&d.addEventListener&&\"undefined\"!=typeof URL&&(d.wp=d.wp||{},d.wp.receiveEmbedMessage||(d.wp.receiveEmbedMessage=function(e){var t=e.data;if((t||t.secret||t.message||t.value)&&!\/[^a-zA-Z0-9]\/.test(t.secret)){for(var s,r,n,a=l.querySelectorAll('iframe[data-secret=\"'+t.secret+'\"]'),o=l.querySelectorAll('blockquote[data-secret=\"'+t.secret+'\"]'),c=new RegExp(\"^https?:$\",\"i\"),i=0;i<o.length;i++)o[i].style.display=\"none\";for(i=0;i<a.length;i++)s=a[i],e.source===s.contentWindow&&(s.removeAttribute(\"style\"),\"height\"===t.message?(1e3<(r=parseInt(t.value,10))?r=1e3:~~r<200&&(r=200),s.height=r):\"link\"===t.message&&(r=new URL(s.getAttribute(\"src\")),n=new URL(t.value),c.test(n.protocol))&&n.host===r.host&&l.activeElement===s&&(d.top.location.href=t.value))}},d.addEventListener(\"message\",d.wp.receiveEmbedMessage,!1),l.addEventListener(\"DOMContentLoaded\",function(){for(var e,t,s=l.querySelectorAll(\"iframe.wp-embedded-content\"),r=0;r<s.length;r++)(t=(e=s[r]).getAttribute(\"data-secret\"))||(t=Math.random().toString(36).substring(2,12),e.src+=\"#?secret=\"+t,e.setAttribute(\"data-secret\",t)),e.contentWindow.postMessage({message:\"ready\",secret:t},\"*\")},!1)))}(window,document);\n\/\/# sourceURL=https:\/\/rezeknesnovads.lv\/wp-includes\/js\/wp-embed.min.js\n\/* ]]> *\/\n<\/script>\n","thumbnail_url":"https:\/\/rezeknesnovads.lv\/wp-content\/uploads\/2024\/04\/27.04.Dubuli.LielaTalka-1.jpg","thumbnail_width":1414,"thumbnail_height":2000,"description":"R\u0113zeknes novada iedz\u012bvot\u0101ji tiek aicin\u0101ti piedal\u012bties Dubu\u013cu ciema labiek\u0101rto\u0161an\u0101 un vides sakop\u0161an\u0101, lai iek\u0101rtotu to Dubu\u013cu Styrnu bukam. Aicin\u0101jums atbalst\u012bt, \u0146emot l\u012bdzi gr\u0101bek\u013cus, darba cimdus un jauku noska\u0146ojumu. Lielo talku nosl\u0113dzot, apmekl\u0113t\u0101jiem b\u016bs iesp\u0113ja cien\u0101ties ar gar\u0161\u012bgu, uz uguns gatavotu \u0113dienu."}