{"version":"1.0","provider_name":"R\u0113zeknes novads","provider_url":"https:\/\/rezeknesnovads.lv\/en\/","author_name":"Sintija Tihomirova","author_url":"https:\/\/rezeknesnovads.lv\/en\/author\/sintija\/","title":"Lieldienu koncerts \"Ar c\u012bruli pa ce\u013cam\" - R\u0113zeknes novads","type":"rich","width":600,"height":338,"html":"<blockquote class=\"wp-embedded-content\" data-secret=\"rsbiCLpQgp\"><a href=\"https:\/\/rezeknesnovads.lv\/en\/iedzivotajiem\/kalendars\/lieldienu-koncerts-ar-ciruli-pa-celam\/\">Lieldienu koncerts &#8220;Ar c\u012bruli pa ce\u013cam&#8221;<\/a><\/blockquote><iframe sandbox=\"allow-scripts\" security=\"restricted\" src=\"https:\/\/rezeknesnovads.lv\/en\/iedzivotajiem\/kalendars\/lieldienu-koncerts-ar-ciruli-pa-celam\/embed\/#?secret=rsbiCLpQgp\" width=\"600\" height=\"338\" title=\"&#8220;Lieldienu koncerts &#8220;Ar c\u012bruli pa ce\u013cam&#8221;&#8221; &#8212; R\u0113zeknes novads\" data-secret=\"rsbiCLpQgp\" frameborder=\"0\" marginwidth=\"0\" marginheight=\"0\" scrolling=\"no\" class=\"wp-embedded-content\"><\/iframe><script type=\"text\/javascript\">\n\/* <![CDATA[ *\/\n\/*! This file is auto-generated *\/\n!function(d,l){\"use strict\";l.querySelector&&d.addEventListener&&\"undefined\"!=typeof URL&&(d.wp=d.wp||{},d.wp.receiveEmbedMessage||(d.wp.receiveEmbedMessage=function(e){var t=e.data;if((t||t.secret||t.message||t.value)&&!\/[^a-zA-Z0-9]\/.test(t.secret)){for(var s,r,n,a=l.querySelectorAll('iframe[data-secret=\"'+t.secret+'\"]'),o=l.querySelectorAll('blockquote[data-secret=\"'+t.secret+'\"]'),c=new RegExp(\"^https?:$\",\"i\"),i=0;i<o.length;i++)o[i].style.display=\"none\";for(i=0;i<a.length;i++)s=a[i],e.source===s.contentWindow&&(s.removeAttribute(\"style\"),\"height\"===t.message?(1e3<(r=parseInt(t.value,10))?r=1e3:~~r<200&&(r=200),s.height=r):\"link\"===t.message&&(r=new URL(s.getAttribute(\"src\")),n=new URL(t.value),c.test(n.protocol))&&n.host===r.host&&l.activeElement===s&&(d.top.location.href=t.value))}},d.addEventListener(\"message\",d.wp.receiveEmbedMessage,!1),l.addEventListener(\"DOMContentLoaded\",function(){for(var e,t,s=l.querySelectorAll(\"iframe.wp-embedded-content\"),r=0;r<s.length;r++)(t=(e=s[r]).getAttribute(\"data-secret\"))||(t=Math.random().toString(36).substring(2,12),e.src+=\"#?secret=\"+t,e.setAttribute(\"data-secret\",t)),e.contentWindow.postMessage({message:\"ready\",secret:t},\"*\")},!1)))}(window,document);\n\/\/# sourceURL=https:\/\/rezeknesnovads.lv\/wp-includes\/js\/wp-embed.min.js\n\/* ]]> *\/\n<\/script>\n","thumbnail_url":"https:\/\/rezeknesnovads.lv\/wp-content\/uploads\/2025\/03\/20.04.Veremi.ArCiruliPaCelam-724x1024.png","thumbnail_width":724,"thumbnail_height":1024,"description":"Pavasar\u012bgs Lieldienu koncerts, kur\u0101 uzst\u0101sies V\u0113r\u0113mu pagasta tautas nama m\u0101kslinieciskie kolekt\u012bvi. Ar smaidiem un jautr\u0101m dej\u0101m visus sveiks senioru deju kopa \"M\u0101rti\u0146rozes\" un vid\u0113j\u0101s paaudzes deju kolekt\u012bvs \"K\u016bzuls\", dziesmots sveiciens izskan\u0113s no folkloras kopas \"Vuorpa\" un Ilzeskalna folkloras kopas. P\u0113c pas\u0101kuma apmekl\u0113t\u0101ji ir aicin\u0101ti piedal\u012bties tradicion\u0101laj\u0101s olu kauj\u0101s - kur\u0161 kuru? \u012apa\u0161ais pas\u0101kuma viesis \u2013 [&hellip;]"}