{"version":"1.0","provider_name":"R\u0113zeknes novads","provider_url":"https:\/\/rezeknesnovads.lv\/en\/","author_name":"Li\u0101na Run\u010da","author_url":"https:\/\/rezeknesnovads.lv\/en\/author\/lianarunca\/","title":"\"Mana Latvija\" - sv\u0113tku pas\u0101kums Stru\u017e\u0101nu pagast\u0101 - R\u0113zeknes novads","type":"rich","width":600,"height":338,"html":"<blockquote class=\"wp-embedded-content\" data-secret=\"WLp6qp7xZE\"><a href=\"https:\/\/rezeknesnovads.lv\/en\/iedzivotajiem\/kalendars\/mana-latvija-svetku-pasakums-struzanu-pagasta\/\">&#8220;Mana Latvija&#8221; &#8211; sv\u0113tku pas\u0101kums Stru\u017e\u0101nu pagast\u0101<\/a><\/blockquote><iframe sandbox=\"allow-scripts\" security=\"restricted\" src=\"https:\/\/rezeknesnovads.lv\/en\/iedzivotajiem\/kalendars\/mana-latvija-svetku-pasakums-struzanu-pagasta\/embed\/#?secret=WLp6qp7xZE\" width=\"600\" height=\"338\" title=\"&#8220;&#8220;Mana Latvija&#8221; &#8211; sv\u0113tku pas\u0101kums Stru\u017e\u0101nu pagast\u0101&#8221; &#8212; R\u0113zeknes novads\" data-secret=\"WLp6qp7xZE\" frameborder=\"0\" marginwidth=\"0\" marginheight=\"0\" scrolling=\"no\" class=\"wp-embedded-content\"><\/iframe><script type=\"text\/javascript\">\n\/* <![CDATA[ *\/\n\/*! This file is auto-generated *\/\n!function(d,l){\"use strict\";l.querySelector&&d.addEventListener&&\"undefined\"!=typeof URL&&(d.wp=d.wp||{},d.wp.receiveEmbedMessage||(d.wp.receiveEmbedMessage=function(e){var t=e.data;if((t||t.secret||t.message||t.value)&&!\/[^a-zA-Z0-9]\/.test(t.secret)){for(var s,r,n,a=l.querySelectorAll('iframe[data-secret=\"'+t.secret+'\"]'),o=l.querySelectorAll('blockquote[data-secret=\"'+t.secret+'\"]'),c=new RegExp(\"^https?:$\",\"i\"),i=0;i<o.length;i++)o[i].style.display=\"none\";for(i=0;i<a.length;i++)s=a[i],e.source===s.contentWindow&&(s.removeAttribute(\"style\"),\"height\"===t.message?(1e3<(r=parseInt(t.value,10))?r=1e3:~~r<200&&(r=200),s.height=r):\"link\"===t.message&&(r=new URL(s.getAttribute(\"src\")),n=new URL(t.value),c.test(n.protocol))&&n.host===r.host&&l.activeElement===s&&(d.top.location.href=t.value))}},d.addEventListener(\"message\",d.wp.receiveEmbedMessage,!1),l.addEventListener(\"DOMContentLoaded\",function(){for(var e,t,s=l.querySelectorAll(\"iframe.wp-embedded-content\"),r=0;r<s.length;r++)(t=(e=s[r]).getAttribute(\"data-secret\"))||(t=Math.random().toString(36).substring(2,12),e.src+=\"#?secret=\"+t,e.setAttribute(\"data-secret\",t)),e.contentWindow.postMessage({message:\"ready\",secret:t},\"*\")},!1)))}(window,document);\n\/\/# sourceURL=https:\/\/rezeknesnovads.lv\/wp-includes\/js\/wp-embed.min.js\n\/* ]]> *\/\n<\/script>\n","description":"Latvijas Republikas proklam\u0113\u0161anas 104. gadadienai velt\u012bts svin\u012bgs pas\u0101kums \"Mana Latvija\" Pagasta p\u0101rvaldes vad\u012bt\u0101jas uzruna, akt\u012bv\u0101ko pagasta cilv\u0113ku sumin\u0101\u0161ana, sv\u0113tku koncerts. Piedal\u0101s koris \"Taunadze\", VPDK \"Dzieti\", b\u0113rnu vok\u0101lais ansamblis, duets \"Paprika\". Plkst. 21.00 - Balle kop\u0101 ar Valdi Zemzaru.","thumbnail_url":"https:\/\/rezeknesnovads.lv\/wp-content\/uploads\/2026\/03\/rndefault.png","thumbnail_width":1200,"thumbnail_height":675}