{"version":"1.0","provider_name":"R\u0113zeknes novads","provider_url":"https:\/\/rezeknesnovads.lv\/en\/","author_name":"Agnese Fadejeva","author_url":"https:\/\/rezeknesnovads.lv\/en\/author\/agnesef\/","title":"Mas\u013ce\u0146ica \"Pavasari saucam kop\u0101\" - R\u0113zeknes novads","type":"rich","width":600,"height":338,"html":"<blockquote class=\"wp-embedded-content\" data-secret=\"S2MGna9JSR\"><a href=\"https:\/\/rezeknesnovads.lv\/en\/iedzivotajiem\/kalendars\/maslenica-pavasari-saucam-kopa\/\">Mas\u013ce\u0146ica &#8220;Pavasari saucam kop\u0101&#8221;<\/a><\/blockquote><iframe sandbox=\"allow-scripts\" security=\"restricted\" src=\"https:\/\/rezeknesnovads.lv\/en\/iedzivotajiem\/kalendars\/maslenica-pavasari-saucam-kopa\/embed\/#?secret=S2MGna9JSR\" width=\"600\" height=\"338\" title=\"&#8220;Mas\u013ce\u0146ica &#8220;Pavasari saucam kop\u0101&#8221;&#8221; &#8212; R\u0113zeknes novads\" data-secret=\"S2MGna9JSR\" frameborder=\"0\" marginwidth=\"0\" marginheight=\"0\" scrolling=\"no\" class=\"wp-embedded-content\"><\/iframe><script type=\"text\/javascript\">\n\/* <![CDATA[ *\/\n\/*! This file is auto-generated *\/\n!function(d,l){\"use strict\";l.querySelector&&d.addEventListener&&\"undefined\"!=typeof URL&&(d.wp=d.wp||{},d.wp.receiveEmbedMessage||(d.wp.receiveEmbedMessage=function(e){var t=e.data;if((t||t.secret||t.message||t.value)&&!\/[^a-zA-Z0-9]\/.test(t.secret)){for(var s,r,n,a=l.querySelectorAll('iframe[data-secret=\"'+t.secret+'\"]'),o=l.querySelectorAll('blockquote[data-secret=\"'+t.secret+'\"]'),c=new RegExp(\"^https?:$\",\"i\"),i=0;i<o.length;i++)o[i].style.display=\"none\";for(i=0;i<a.length;i++)s=a[i],e.source===s.contentWindow&&(s.removeAttribute(\"style\"),\"height\"===t.message?(1e3<(r=parseInt(t.value,10))?r=1e3:~~r<200&&(r=200),s.height=r):\"link\"===t.message&&(r=new URL(s.getAttribute(\"src\")),n=new URL(t.value),c.test(n.protocol))&&n.host===r.host&&l.activeElement===s&&(d.top.location.href=t.value))}},d.addEventListener(\"message\",d.wp.receiveEmbedMessage,!1),l.addEventListener(\"DOMContentLoaded\",function(){for(var e,t,s=l.querySelectorAll(\"iframe.wp-embedded-content\"),r=0;r<s.length;r++)(t=(e=s[r]).getAttribute(\"data-secret\"))||(t=Math.random().toString(36).substring(2,12),e.src+=\"#?secret=\"+t,e.setAttribute(\"data-secret\",t)),e.contentWindow.postMessage({message:\"ready\",secret:t},\"*\")},!1)))}(window,document);\n\/\/# sourceURL=https:\/\/rezeknesnovads.lv\/wp-includes\/js\/wp-embed.min.js\n\/* ]]> *\/\n<\/script>\n","thumbnail_url":"https:\/\/rezeknesnovads.lv\/wp-content\/uploads\/2026\/01\/21.02._Cornaja_Maslenica-scaled.jpg","thumbnail_width":1810,"thumbnail_height":2560,"description":"21. febru\u0101r\u012b \u010cornajas pagasta tautas nam\u0101 notiks tradicion\u0101lais Mas\u013ce\u0146icas pas\u0101kums \u201cPavasari saucam kop\u0101\u201d, aicinot kop\u0101 svin\u0113t pavasara tuvo\u0161anos, baud\u012bt trad\u012bcijas, dziesmas un jautras aktivit\u0101tes. Plkst. 13.00 pie \u010cornajas pagasta tautas nama s\u0101ksies Mas\u013ce\u0146icas \u0101ra aktivit\u0101tes, kur\u0101s netr\u016bks ne rota\u013cu, ne prieka. Tradicion\u0101l\u0101s Mas\u013ce\u0146icas rota\u013cas un aktivit\u0101tes vad\u012bs jaunie\u0161u centrs \"Horizonts\", g\u0101d\u0101jot par akt\u012bvu, lust\u012bgu un [&hellip;]"}