{"version":"1.0","provider_name":"R\u0113zeknes novads","provider_url":"https:\/\/rezeknesnovads.lv\/en\/","author_name":"Agnese Fadejeva","author_url":"https:\/\/rezeknesnovads.lv\/en\/author\/agnesef\/","title":"M\u0101tes dienas koncerts \u201cM\u0101mi\u0146\u0101m par prieku\u201d - R\u0113zeknes novads","type":"rich","width":600,"height":338,"html":"<blockquote class=\"wp-embedded-content\" data-secret=\"Z0jdFY2aRu\"><a href=\"https:\/\/rezeknesnovads.lv\/en\/iedzivotajiem\/kalendars\/mates-dienas-koncerts-maminam-par-prieku\/\">M\u0101tes dienas koncerts \u201cM\u0101mi\u0146\u0101m par prieku\u201d<\/a><\/blockquote><iframe sandbox=\"allow-scripts\" security=\"restricted\" src=\"https:\/\/rezeknesnovads.lv\/en\/iedzivotajiem\/kalendars\/mates-dienas-koncerts-maminam-par-prieku\/embed\/#?secret=Z0jdFY2aRu\" width=\"600\" height=\"338\" title=\"&#8220;M\u0101tes dienas koncerts \u201cM\u0101mi\u0146\u0101m par prieku\u201d&#8221; &#8212; R\u0113zeknes novads\" data-secret=\"Z0jdFY2aRu\" frameborder=\"0\" marginwidth=\"0\" marginheight=\"0\" scrolling=\"no\" class=\"wp-embedded-content\"><\/iframe><script type=\"text\/javascript\">\n\/* <![CDATA[ *\/\n\/*! This file is auto-generated *\/\n!function(d,l){\"use strict\";l.querySelector&&d.addEventListener&&\"undefined\"!=typeof URL&&(d.wp=d.wp||{},d.wp.receiveEmbedMessage||(d.wp.receiveEmbedMessage=function(e){var t=e.data;if((t||t.secret||t.message||t.value)&&!\/[^a-zA-Z0-9]\/.test(t.secret)){for(var s,r,n,a=l.querySelectorAll('iframe[data-secret=\"'+t.secret+'\"]'),o=l.querySelectorAll('blockquote[data-secret=\"'+t.secret+'\"]'),c=new RegExp(\"^https?:$\",\"i\"),i=0;i<o.length;i++)o[i].style.display=\"none\";for(i=0;i<a.length;i++)s=a[i],e.source===s.contentWindow&&(s.removeAttribute(\"style\"),\"height\"===t.message?(1e3<(r=parseInt(t.value,10))?r=1e3:~~r<200&&(r=200),s.height=r):\"link\"===t.message&&(r=new URL(s.getAttribute(\"src\")),n=new URL(t.value),c.test(n.protocol))&&n.host===r.host&&l.activeElement===s&&(d.top.location.href=t.value))}},d.addEventListener(\"message\",d.wp.receiveEmbedMessage,!1),l.addEventListener(\"DOMContentLoaded\",function(){for(var e,t,s=l.querySelectorAll(\"iframe.wp-embedded-content\"),r=0;r<s.length;r++)(t=(e=s[r]).getAttribute(\"data-secret\"))||(t=Math.random().toString(36).substring(2,12),e.src+=\"#?secret=\"+t,e.setAttribute(\"data-secret\",t)),e.contentWindow.postMessage({message:\"ready\",secret:t},\"*\")},!1)))}(window,document);\n\/\/# sourceURL=https:\/\/rezeknesnovads.lv\/wp-includes\/js\/wp-embed.min.js\n\/* ]]> *\/\n<\/script>\n","thumbnail_url":"https:\/\/rezeknesnovads.lv\/wp-content\/uploads\/2026\/04\/10.05.Pusa_.MaminamParPrieku.jpg","thumbnail_width":1414,"thumbnail_height":2000,"description":"M\u0101tes dienai velt\u012btais koncerts \u201cM\u0101mi\u0146\u0101m par prieku\u201d aicina uz daudzveid\u012bgu kult\u016bras notikumu, kur\u0101 caur dziesm\u0101m, dej\u0101m un v\u0101rda m\u0101kslu tiks godin\u0101tas m\u0101mi\u0146as un \u0123imenes v\u0113rt\u012bbas. Pas\u0101kuma programm\u0101 skat\u012bt\u0101jus priec\u0113s gan muzik\u0101li, gan teatr\u0101li priek\u0161nesumi, radot sv\u0113tku atmosf\u0113ru. Koncert\u0101 piedal\u012bsies viet\u0113j\u0101 iedz\u012bvot\u0101ja Lilija \u010civkule, kura akt\u012bvi iesaist\u0101s kult\u016bras dz\u012bv\u0113, piedaloties amatierte\u0101tru izr\u0101d\u0113s un iepriek\u0161 dzied\u0101jusi Pu\u0161as [&hellip;]"}