{"version":"1.0","provider_name":"R\u0113zeknes novads","provider_url":"https:\/\/rezeknesnovads.lv\/en\/","author_name":"Elza Indri\u010d\u0101ne","author_url":"https:\/\/rezeknesnovads.lv\/en\/author\/elza\/","title":"Olgas Afanasjevas-Orsas atceres p\u0113cpusdiena - R\u0113zeknes novads","type":"rich","width":600,"height":338,"html":"<blockquote class=\"wp-embedded-content\" data-secret=\"E2F0Vs267F\"><a href=\"https:\/\/rezeknesnovads.lv\/en\/iedzivotajiem\/kalendars\/olgas-afanasjevas-orsas-atceres-pecpusdiena\/\">Olgas Afanasjevas-Orsas atceres p\u0113cpusdiena<\/a><\/blockquote><iframe sandbox=\"allow-scripts\" security=\"restricted\" src=\"https:\/\/rezeknesnovads.lv\/en\/iedzivotajiem\/kalendars\/olgas-afanasjevas-orsas-atceres-pecpusdiena\/embed\/#?secret=E2F0Vs267F\" width=\"600\" height=\"338\" title=\"&#8220;Olgas Afanasjevas-Orsas atceres p\u0113cpusdiena&#8221; &#8212; R\u0113zeknes novads\" data-secret=\"E2F0Vs267F\" frameborder=\"0\" marginwidth=\"0\" marginheight=\"0\" scrolling=\"no\" class=\"wp-embedded-content\"><\/iframe><script type=\"text\/javascript\">\n\/* <![CDATA[ *\/\n\/*! This file is auto-generated *\/\n!function(d,l){\"use strict\";l.querySelector&&d.addEventListener&&\"undefined\"!=typeof URL&&(d.wp=d.wp||{},d.wp.receiveEmbedMessage||(d.wp.receiveEmbedMessage=function(e){var t=e.data;if((t||t.secret||t.message||t.value)&&!\/[^a-zA-Z0-9]\/.test(t.secret)){for(var s,r,n,a=l.querySelectorAll('iframe[data-secret=\"'+t.secret+'\"]'),o=l.querySelectorAll('blockquote[data-secret=\"'+t.secret+'\"]'),c=new RegExp(\"^https?:$\",\"i\"),i=0;i<o.length;i++)o[i].style.display=\"none\";for(i=0;i<a.length;i++)s=a[i],e.source===s.contentWindow&&(s.removeAttribute(\"style\"),\"height\"===t.message?(1e3<(r=parseInt(t.value,10))?r=1e3:~~r<200&&(r=200),s.height=r):\"link\"===t.message&&(r=new URL(s.getAttribute(\"src\")),n=new URL(t.value),c.test(n.protocol))&&n.host===r.host&&l.activeElement===s&&(d.top.location.href=t.value))}},d.addEventListener(\"message\",d.wp.receiveEmbedMessage,!1),l.addEventListener(\"DOMContentLoaded\",function(){for(var e,t,s=l.querySelectorAll(\"iframe.wp-embedded-content\"),r=0;r<s.length;r++)(t=(e=s[r]).getAttribute(\"data-secret\"))||(t=Math.random().toString(36).substring(2,12),e.src+=\"#?secret=\"+t,e.setAttribute(\"data-secret\",t)),e.contentWindow.postMessage({message:\"ready\",secret:t},\"*\")},!1)))}(window,document);\n\/\/# sourceURL=https:\/\/rezeknesnovads.lv\/wp-includes\/js\/wp-embed.min.js\n\/* ]]> *\/\n<\/script>\n","description":"Olga Afanasjeva dzimusi R\u0113zeknes rajona M\u0101ko\u0146kalna pagasta Lipu\u0161ku ciem\u0101. Kop\u0161 1993. gada laikrakst\u0101 \u201cR\u0113zeknes V\u0113stis\u201d tiek public\u0113ti Olgas Afanasjevas dzejo\u013ci ar pseidon\u012bmu Olga Orsa. 1997. gad\u0101 klaj\u0101 n\u0101k pirm\u0101 gr\u0101mata \u201c\u0413\u043e\u0441\u043f\u043e\u0434\u0438, \u0432\u043e\u0442 \u044f!\u201d.1998. gad\u0101 vi\u0146as vad\u012bb\u0101 tiek sast\u0101d\u012bts un izdots pirmais dzejas almanahs \u201cR\u0113zekne\u201d. Gadadienas p\u0113cpusdien\u0101 tiks st\u0101st\u012bts par autores dz\u012bves gait\u0101m, dzejnieces dzejas las\u012bjumus [&hellip;]","thumbnail_url":"https:\/\/rezeknesnovads.lv\/wp-content\/uploads\/2026\/03\/rndefault.png","thumbnail_width":1200,"thumbnail_height":675}