{"version":"1.0","provider_name":"R\u0113zeknes novads","provider_url":"https:\/\/rezeknesnovads.lv\/en\/","author_name":"J\u016blija Jur\u0101ne","author_url":"https:\/\/rezeknesnovads.lv\/en\/author\/julija\/","title":"Piemin Audri\u0146u tra\u0123\u0113dijas notikumus - R\u0113zeknes novads","type":"rich","width":600,"height":338,"html":"<blockquote class=\"wp-embedded-content\" data-secret=\"htQgtvlXd1\"><a href=\"https:\/\/rezeknesnovads.lv\/en\/piemin-audrinu-tragedijas-notikumus\/\">Piemin Audri\u0146u tra\u0123\u0113dijas notikumus<\/a><\/blockquote><iframe sandbox=\"allow-scripts\" security=\"restricted\" src=\"https:\/\/rezeknesnovads.lv\/en\/piemin-audrinu-tragedijas-notikumus\/embed\/#?secret=htQgtvlXd1\" width=\"600\" height=\"338\" title=\"&#8220;Piemin Audri\u0146u tra\u0123\u0113dijas notikumus&#8221; &#8212; R\u0113zeknes novads\" data-secret=\"htQgtvlXd1\" frameborder=\"0\" marginwidth=\"0\" marginheight=\"0\" scrolling=\"no\" class=\"wp-embedded-content\"><\/iframe><script type=\"text\/javascript\">\n\/* <![CDATA[ *\/\n\/*! This file is auto-generated *\/\n!function(d,l){\"use strict\";l.querySelector&&d.addEventListener&&\"undefined\"!=typeof URL&&(d.wp=d.wp||{},d.wp.receiveEmbedMessage||(d.wp.receiveEmbedMessage=function(e){var t=e.data;if((t||t.secret||t.message||t.value)&&!\/[^a-zA-Z0-9]\/.test(t.secret)){for(var s,r,n,a=l.querySelectorAll('iframe[data-secret=\"'+t.secret+'\"]'),o=l.querySelectorAll('blockquote[data-secret=\"'+t.secret+'\"]'),c=new RegExp(\"^https?:$\",\"i\"),i=0;i<o.length;i++)o[i].style.display=\"none\";for(i=0;i<a.length;i++)s=a[i],e.source===s.contentWindow&&(s.removeAttribute(\"style\"),\"height\"===t.message?(1e3<(r=parseInt(t.value,10))?r=1e3:~~r<200&&(r=200),s.height=r):\"link\"===t.message&&(r=new URL(s.getAttribute(\"src\")),n=new URL(t.value),c.test(n.protocol))&&n.host===r.host&&l.activeElement===s&&(d.top.location.href=t.value))}},d.addEventListener(\"message\",d.wp.receiveEmbedMessage,!1),l.addEventListener(\"DOMContentLoaded\",function(){for(var e,t,s=l.querySelectorAll(\"iframe.wp-embedded-content\"),r=0;r<s.length;r++)(t=(e=s[r]).getAttribute(\"data-secret\"))||(t=Math.random().toString(36).substring(2,12),e.src+=\"#?secret=\"+t,e.setAttribute(\"data-secret\",t)),e.contentWindow.postMessage({message:\"ready\",secret:t},\"*\")},!1)))}(window,document);\n\/\/# sourceURL=https:\/\/rezeknesnovads.lv\/wp-includes\/js\/wp-embed.min.js\n\/* ]]> *\/\n<\/script>\n","thumbnail_url":"https:\/\/rezeknesnovads.lv\/wp-content\/uploads\/2024\/01\/WhatsApp-Image-2024-01-04-at-12.13.58-scaled.jpeg","thumbnail_width":2560,"thumbnail_height":1920,"description":"4. janv\u0101r\u012b R\u0113zeknes novad\u0101 tiek piemin\u0113ta Audri\u0146u tra\u0123\u0113dija. Ar\u012b \u0161odien gan Audri\u0146u ciem\u0101, gan audri\u0146ie\u0161u nogalin\u0101\u0161anas viet\u0101s An\u010dup\u0101nu memori\u0101l\u0101 tika r\u012bkoti atceres pas\u0101kumi, kuru laik\u0101 ikviens var\u0113ja nolikt ziedus un aizdedzin\u0101t svec\u012bti, lai piemin\u0113tu tra\u0123\u0113dij\u0101 boj\u0101g\u0101ju\u0161os. Baisie notikumi risin\u0101j\u0101s Otr\u0101 pasaules kara laik\u0101, kad 1942. gada 2. janv\u0101r\u012b viet\u0113jie iedz\u012bvot\u0101ji tika apcietin\u0101ti, ziemas sal\u0101 sadz\u012bti [&hellip;]"}