{"version":"1.0","provider_name":"R\u0113zeknes novads","provider_url":"https:\/\/rezeknesnovads.lv\/en\/","author_name":"J\u016blija Platp\u012bre","author_url":"https:\/\/rezeknesnovads.lv\/en\/author\/julijaplatpire\/","title":"Pieminot Audri\u0146u tra\u0123\u0113dijas notikumus - R\u0113zeknes novads","type":"rich","width":600,"height":338,"html":"<blockquote class=\"wp-embedded-content\" data-secret=\"VL1lg51d1t\"><a href=\"https:\/\/rezeknesnovads.lv\/en\/pieminot-audrinu-tragedijas-notikumus\/\">Pieminot Audri\u0146u tra\u0123\u0113dijas notikumus<\/a><\/blockquote><iframe sandbox=\"allow-scripts\" security=\"restricted\" src=\"https:\/\/rezeknesnovads.lv\/en\/pieminot-audrinu-tragedijas-notikumus\/embed\/#?secret=VL1lg51d1t\" width=\"600\" height=\"338\" title=\"&#8220;Pieminot Audri\u0146u tra\u0123\u0113dijas notikumus&#8221; &#8212; R\u0113zeknes novads\" data-secret=\"VL1lg51d1t\" frameborder=\"0\" marginwidth=\"0\" marginheight=\"0\" scrolling=\"no\" class=\"wp-embedded-content\"><\/iframe><script type=\"text\/javascript\">\n\/* <![CDATA[ *\/\n\/*! This file is auto-generated *\/\n!function(d,l){\"use strict\";l.querySelector&&d.addEventListener&&\"undefined\"!=typeof URL&&(d.wp=d.wp||{},d.wp.receiveEmbedMessage||(d.wp.receiveEmbedMessage=function(e){var t=e.data;if((t||t.secret||t.message||t.value)&&!\/[^a-zA-Z0-9]\/.test(t.secret)){for(var s,r,n,a=l.querySelectorAll('iframe[data-secret=\"'+t.secret+'\"]'),o=l.querySelectorAll('blockquote[data-secret=\"'+t.secret+'\"]'),c=new RegExp(\"^https?:$\",\"i\"),i=0;i<o.length;i++)o[i].style.display=\"none\";for(i=0;i<a.length;i++)s=a[i],e.source===s.contentWindow&&(s.removeAttribute(\"style\"),\"height\"===t.message?(1e3<(r=parseInt(t.value,10))?r=1e3:~~r<200&&(r=200),s.height=r):\"link\"===t.message&&(r=new URL(s.getAttribute(\"src\")),n=new URL(t.value),c.test(n.protocol))&&n.host===r.host&&l.activeElement===s&&(d.top.location.href=t.value))}},d.addEventListener(\"message\",d.wp.receiveEmbedMessage,!1),l.addEventListener(\"DOMContentLoaded\",function(){for(var e,t,s=l.querySelectorAll(\"iframe.wp-embedded-content\"),r=0;r<s.length;r++)(t=(e=s[r]).getAttribute(\"data-secret\"))||(t=Math.random().toString(36).substring(2,12),e.src+=\"#?secret=\"+t,e.setAttribute(\"data-secret\",t)),e.contentWindow.postMessage({message:\"ready\",secret:t},\"*\")},!1)))}(window,document);\n\/\/# sourceURL=https:\/\/rezeknesnovads.lv\/wp-includes\/js\/wp-embed.min.js\n\/* ]]> *\/\n<\/script>\n","thumbnail_url":"https:\/\/rezeknesnovads.lv\/wp-content\/uploads\/2025\/01\/IMG-20250104-WA0005-Copy-scaled.jpg","thumbnail_width":2560,"thumbnail_height":1591,"description":"4. janv\u0101r\u012b R\u0113zeknes novad\u0101 katru gadu tiek piemin\u0113ta Audri\u0146u tra\u0123\u0113dija. \u0160ogad aprit 83. gadadiena kop\u0161 tra\u0123\u0113dijas Audri\u0146u ciem\u0101. T\u0101d\u0113\u013c ar\u012b \u0161ogad 4. janv\u0101r\u012b cilv\u0113ki pulc\u0113j\u0101s pie pieminek\u013ca tra\u0123\u0113dijas upuriem Audri\u0146os un An\u010dup\u0101nu memori\u0101l\u0101, kur tika nolikti ziedi un iedegtas svec\u012bt\u0113s, lai piemin\u0113tu tra\u0123\u0113dij\u0101 boj\u0101g\u0101ju\u0161os. Baisie notikumi risin\u0101j\u0101s Otr\u0101 pasaules kara laik\u0101, kad 1942. gada 2. [&hellip;]"}