{"version":"1.0","provider_name":"R\u0113zeknes novads","provider_url":"https:\/\/rezeknesnovads.lv\/en\/","author_name":"Katr\u012bna Grieti\u0146a","author_url":"https:\/\/rezeknesnovads.lv\/en\/author\/katrina-grietina\/","title":"R\u0113zeknes novada pa\u0161vald\u012bba sveic Zin\u012bbu dien\u0101! - R\u0113zeknes novads","type":"rich","width":600,"height":338,"html":"<blockquote class=\"wp-embedded-content\" data-secret=\"6C2yPtt59C\"><a href=\"https:\/\/rezeknesnovads.lv\/en\/rezeknes-novada-pasvaldiba-sveic-zinibu-diena-2\/\">R\u0113zeknes novada pa\u0161vald\u012bba sveic Zin\u012bbu dien\u0101!<\/a><\/blockquote><iframe sandbox=\"allow-scripts\" security=\"restricted\" src=\"https:\/\/rezeknesnovads.lv\/en\/rezeknes-novada-pasvaldiba-sveic-zinibu-diena-2\/embed\/#?secret=6C2yPtt59C\" width=\"600\" height=\"338\" title=\"&#8220;R\u0113zeknes novada pa\u0161vald\u012bba sveic Zin\u012bbu dien\u0101!&#8221; &#8212; R\u0113zeknes novads\" data-secret=\"6C2yPtt59C\" frameborder=\"0\" marginwidth=\"0\" marginheight=\"0\" scrolling=\"no\" class=\"wp-embedded-content\"><\/iframe><script>\n\/*! This file is auto-generated *\/\n!function(d,l){\"use strict\";l.querySelector&&d.addEventListener&&\"undefined\"!=typeof URL&&(d.wp=d.wp||{},d.wp.receiveEmbedMessage||(d.wp.receiveEmbedMessage=function(e){var t=e.data;if((t||t.secret||t.message||t.value)&&!\/[^a-zA-Z0-9]\/.test(t.secret)){for(var s,r,n,a=l.querySelectorAll('iframe[data-secret=\"'+t.secret+'\"]'),o=l.querySelectorAll('blockquote[data-secret=\"'+t.secret+'\"]'),c=new RegExp(\"^https?:$\",\"i\"),i=0;i<o.length;i++)o[i].style.display=\"none\";for(i=0;i<a.length;i++)s=a[i],e.source===s.contentWindow&&(s.removeAttribute(\"style\"),\"height\"===t.message?(1e3<(r=parseInt(t.value,10))?r=1e3:~~r<200&&(r=200),s.height=r):\"link\"===t.message&&(r=new URL(s.getAttribute(\"src\")),n=new URL(t.value),c.test(n.protocol))&&n.host===r.host&&l.activeElement===s&&(d.top.location.href=t.value))}},d.addEventListener(\"message\",d.wp.receiveEmbedMessage,!1),l.addEventListener(\"DOMContentLoaded\",function(){for(var e,t,s=l.querySelectorAll(\"iframe.wp-embedded-content\"),r=0;r<s.length;r++)(t=(e=s[r]).getAttribute(\"data-secret\"))||(t=Math.random().toString(36).substring(2,12),e.src+=\"#?secret=\"+t,e.setAttribute(\"data-secret\",t)),e.contentWindow.postMessage({message:\"ready\",secret:t},\"*\")},!1)))}(window,document);\n\/\/# sourceURL=https:\/\/rezeknesnovads.lv\/wp-includes\/js\/wp-embed.min.js\n<\/script>\n","thumbnail_url":"https:\/\/rezeknesnovads.lv\/wp-content\/uploads\/2026\/09\/1.09.-2RGB.jpg","thumbnail_width":1490,"thumbnail_height":946,"description":"1. septembris ir jauna m\u0101c\u012bbu gada s\u0101kums \u2013 jaunu zin\u0101\u0161anu, satik\u0161anos, izaicin\u0101jumu un iesp\u0113ju laiks. Skol\u0113niem v\u0113lam zin\u0101tk\u0101ri, aizraujo\u0161us atkl\u0101jumus un pan\u0101kumus m\u0101c\u012bb\u0101s! Pedagogiem \u2013 paciet\u012bbu, iedvesmu un profesion\u0101lu gandar\u012bjumu, savuk\u0101rt vec\u0101kiem \u2013 sp\u0113ku, sapratni un prieku par savu b\u0113rnu sasniegumiem. Sirsn\u012bgi sveicam R\u0113zeknes novada skol\u0113nus, pedagogus, vec\u0101kus un ikvienu novada iedz\u012bvot\u0101ju Zin\u012bbu dien\u0101!Lai veiksm\u012bgs, [&hellip;]"}