{"version":"1.0","provider_name":"R\u0113zeknes novads","provider_url":"https:\/\/rezeknesnovads.lv\/en\/","author_name":"Madara B\u0113rti\u0146a","author_url":"https:\/\/rezeknesnovads.lv\/en\/author\/madara\/","title":"Vi\u013c\u0101nos iesv\u0113t\u012bta 1991. gada barik\u0101\u017eu piemi\u0146as z\u012bme - R\u0113zeknes novads","type":"rich","width":600,"height":338,"html":"<blockquote class=\"wp-embedded-content\" data-secret=\"QQMtgVRwrD\"><a href=\"https:\/\/rezeknesnovads.lv\/en\/vilanos-iesvetita-1991-gada-barikazu-pieminas-zime\/\">Vi\u013c\u0101nos iesv\u0113t\u012bta 1991. gada barik\u0101\u017eu piemi\u0146as z\u012bme<\/a><\/blockquote><iframe sandbox=\"allow-scripts\" security=\"restricted\" src=\"https:\/\/rezeknesnovads.lv\/en\/vilanos-iesvetita-1991-gada-barikazu-pieminas-zime\/embed\/#?secret=QQMtgVRwrD\" width=\"600\" height=\"338\" title=\"&#8220;Vi\u013c\u0101nos iesv\u0113t\u012bta 1991. gada barik\u0101\u017eu piemi\u0146as z\u012bme&#8221; &#8212; R\u0113zeknes novads\" data-secret=\"QQMtgVRwrD\" frameborder=\"0\" marginwidth=\"0\" marginheight=\"0\" scrolling=\"no\" class=\"wp-embedded-content\"><\/iframe><script type=\"text\/javascript\">\n\/* <![CDATA[ *\/\n\/*! This file is auto-generated *\/\n!function(d,l){\"use strict\";l.querySelector&&d.addEventListener&&\"undefined\"!=typeof URL&&(d.wp=d.wp||{},d.wp.receiveEmbedMessage||(d.wp.receiveEmbedMessage=function(e){var t=e.data;if((t||t.secret||t.message||t.value)&&!\/[^a-zA-Z0-9]\/.test(t.secret)){for(var s,r,n,a=l.querySelectorAll('iframe[data-secret=\"'+t.secret+'\"]'),o=l.querySelectorAll('blockquote[data-secret=\"'+t.secret+'\"]'),c=new RegExp(\"^https?:$\",\"i\"),i=0;i<o.length;i++)o[i].style.display=\"none\";for(i=0;i<a.length;i++)s=a[i],e.source===s.contentWindow&&(s.removeAttribute(\"style\"),\"height\"===t.message?(1e3<(r=parseInt(t.value,10))?r=1e3:~~r<200&&(r=200),s.height=r):\"link\"===t.message&&(r=new URL(s.getAttribute(\"src\")),n=new URL(t.value),c.test(n.protocol))&&n.host===r.host&&l.activeElement===s&&(d.top.location.href=t.value))}},d.addEventListener(\"message\",d.wp.receiveEmbedMessage,!1),l.addEventListener(\"DOMContentLoaded\",function(){for(var e,t,s=l.querySelectorAll(\"iframe.wp-embedded-content\"),r=0;r<s.length;r++)(t=(e=s[r]).getAttribute(\"data-secret\"))||(t=Math.random().toString(36).substring(2,12),e.src+=\"#?secret=\"+t,e.setAttribute(\"data-secret\",t)),e.contentWindow.postMessage({message:\"ready\",secret:t},\"*\")},!1)))}(window,document);\n\/\/# sourceURL=https:\/\/rezeknesnovads.lv\/wp-includes\/js\/wp-embed.min.js\n\/* ]]> *\/\n<\/script>\n","thumbnail_url":"https:\/\/rezeknesnovads.lv\/wp-content\/uploads\/2022\/01\/DSC_0124-1024x680.jpg","thumbnail_width":1024,"thumbnail_height":680,"description":"1991. gada janv\u0101r\u012b cilv\u0113ki no visas Latvijas dev\u0101s uz R\u012bgu, lai b\u016bv\u0113tu barik\u0101des pie strat\u0113\u0123iski svar\u012bg\u0101kajiem objektiem un st\u0101tos pret\u012b bru\u0146otajam p\u0101rsp\u0113kam. Atceroties un godinot v\u0113sturiskos notikumus, 20. janv\u0101r\u012b Vi\u013c\u0101nos tika iesv\u0113t\u012bta piemi\u0146as z\u012bme \"1991. gada barik\u0101\u017eu piemi\u0146ai\u201d. Lai gan vides objekts uzst\u0101d\u012bts jau 2020. gada nogal\u0113, saist\u012bb\u0101 ar pand\u0113mijas ierobe\u017eojumiem, tas iesv\u0113t\u012bts vien tagad. [&hellip;]"}