{"version":"1.0","provider_name":"R\u0113zeknes novads","provider_url":"https:\/\/rezeknesnovads.lv\/en\/","author_name":"Madara B\u0113rti\u0146a","author_url":"https:\/\/rezeknesnovads.lv\/en\/author\/madara\/","title":"P\u0100RCELTS! Vi\u013c\u0101nos notiks sve\u010du lie\u0161anas darbn\u012bca - R\u0113zeknes novads","type":"rich","width":600,"height":338,"html":"<blockquote class=\"wp-embedded-content\" data-secret=\"f7MZbjj1qA\"><a href=\"https:\/\/rezeknesnovads.lv\/en\/vilanos-notiks-svecu-liesanas-darbnica\/\">P\u0100RCELTS! Vi\u013c\u0101nos notiks sve\u010du lie\u0161anas darbn\u012bca<\/a><\/blockquote><iframe sandbox=\"allow-scripts\" security=\"restricted\" src=\"https:\/\/rezeknesnovads.lv\/en\/vilanos-notiks-svecu-liesanas-darbnica\/embed\/#?secret=f7MZbjj1qA\" width=\"600\" height=\"338\" title=\"&#8220;P\u0100RCELTS! Vi\u013c\u0101nos notiks sve\u010du lie\u0161anas darbn\u012bca&#8221; &#8212; R\u0113zeknes novads\" data-secret=\"f7MZbjj1qA\" frameborder=\"0\" marginwidth=\"0\" marginheight=\"0\" scrolling=\"no\" class=\"wp-embedded-content\"><\/iframe><script type=\"text\/javascript\">\n\/* <![CDATA[ *\/\n\/*! This file is auto-generated *\/\n!function(d,l){\"use strict\";l.querySelector&&d.addEventListener&&\"undefined\"!=typeof URL&&(d.wp=d.wp||{},d.wp.receiveEmbedMessage||(d.wp.receiveEmbedMessage=function(e){var t=e.data;if((t||t.secret||t.message||t.value)&&!\/[^a-zA-Z0-9]\/.test(t.secret)){for(var s,r,n,a=l.querySelectorAll('iframe[data-secret=\"'+t.secret+'\"]'),o=l.querySelectorAll('blockquote[data-secret=\"'+t.secret+'\"]'),c=new RegExp(\"^https?:$\",\"i\"),i=0;i<o.length;i++)o[i].style.display=\"none\";for(i=0;i<a.length;i++)s=a[i],e.source===s.contentWindow&&(s.removeAttribute(\"style\"),\"height\"===t.message?(1e3<(r=parseInt(t.value,10))?r=1e3:~~r<200&&(r=200),s.height=r):\"link\"===t.message&&(r=new URL(s.getAttribute(\"src\")),n=new URL(t.value),c.test(n.protocol))&&n.host===r.host&&l.activeElement===s&&(d.top.location.href=t.value))}},d.addEventListener(\"message\",d.wp.receiveEmbedMessage,!1),l.addEventListener(\"DOMContentLoaded\",function(){for(var e,t,s=l.querySelectorAll(\"iframe.wp-embedded-content\"),r=0;r<s.length;r++)(t=(e=s[r]).getAttribute(\"data-secret\"))||(t=Math.random().toString(36).substring(2,12),e.src+=\"#?secret=\"+t,e.setAttribute(\"data-secret\",t)),e.contentWindow.postMessage({message:\"ready\",secret:t},\"*\")},!1)))}(window,document);\n\/\/# sourceURL=https:\/\/rezeknesnovads.lv\/wp-includes\/js\/wp-embed.min.js\n\/* ]]> *\/\n<\/script>\n","thumbnail_url":"https:\/\/rezeknesnovads.lv\/wp-content\/uploads\/2022\/01\/Svecu_liesana_Plakats_short-1024x1024.jpeg","thumbnail_width":1024,"thumbnail_height":1024,"description":"PAS\u0100KUMS P\u0100RCELTS. INFORM\u0100CIJA SEKOS! Febru\u0101ris latvie\u0161u kalend\u0101r\u0101 jau izsenis god\u0101ts k\u0101 Sve\u010du m\u0113nesis, un tas ies\u0101kas ar Sve\u010du dienu, ko atz\u012bm\u0113jam 2. febru\u0101r\u012b. T\u0101 ir diena pa\u0161\u0101 ziemas viduc\u012b, kad l\u012bdz\u012bgi k\u0101 citos latvie\u0161u tradicion\u0101lajos sv\u0113tkos, var veikt da\u017e\u0101dus ritu\u0101lus veiksmes, m\u012blest\u012bbas, skaistuma un prieka vairo\u0161anai. Viens no svar\u012bg\u0101kajiem darbiem Sve\u010du dien\u0101, protams, ir sve\u010du [&hellip;]"}